{"id":5554,"date":"2020-08-07T13:29:17","date_gmt":"2020-08-07T11:29:17","guid":{"rendered":"https:\/\/www.lt-gasetechnik.de\/protection-des-donnees\/"},"modified":"2023-01-27T15:11:14","modified_gmt":"2023-01-27T14:11:14","slug":"protection-des-donnees","status":"publish","type":"page","link":"https:\/\/www.lt-gasetechnik.de\/fr\/protection-des-donnees\/","title":{"rendered":"Protection des donn\u00e9es"},"content":{"rendered":"\n<h1 class=\"wp-block-heading\">Politique de confidentialit\u00e9<\/h1>\n\n<p>Nous sommes tr\u00e8s heureux que vous ayez manifest\u00e9 de l\u2019int\u00e9r\u00eat pour notre entreprise.  \nLa protection des donn\u00e9es est une priorit\u00e9 particuli\u00e8rement \u00e9lev\u00e9e pour le \nDirection de L+T GASETECHNIK Kl\u00f6pper-Waldmann GmbH &amp; Co. KG.\n  Utilisation des pages Internet de L+T GASETECHNIK Kl\u00f6pper-Waldmann  \nGmbH &amp; Co. KG est fondamentalement sans aucune indication de personnel  \nDonn\u00e9es possibles. Si une personne concern\u00e9e offre des services sp\u00e9ciaux de notre  \nL\u2019entreprise via notre site Web pourrait:\n  Cependant, le traitement des donn\u00e9es personnelles devient n\u00e9cessaire.  \nSi le traitement des donn\u00e9es personnelles est n\u00e9cessaire et existe :  \nPour un tel traitement sans base l\u00e9gale, nous collectons  \nn\u00e9cessite g\u00e9n\u00e9ralement le consentement de la personne concern\u00e9e.<\/p>\n\n<p>Le traitement des donn\u00e9es personnelles, telles que le nom,  \nl\u2019adresse, l\u2019adresse e-mail ou le num\u00e9ro de t\u00e9l\u00e9phone d\u2019une personne concern\u00e9e  \nPersonne, toujours en conformit\u00e9 avec le r\u00e8glement g\u00e9n\u00e9ral sur la protection des donn\u00e9es  \net conform\u00e9ment aux sp\u00e9cifications de L+T GASETECHNIK Kl\u00f6pper-Waldmann  \nGmbH &amp; Co. KG, r\u00e9glementations nationales en mati\u00e8re de protection des donn\u00e9es.  \nPar le biais de cette d\u00e9claration de protection des donn\u00e9es, notre soci\u00e9t\u00e9 souhaite  \nLe public sur la nature, la port\u00e9e et la finalit\u00e9 des donn\u00e9es collect\u00e9es par nous,  \nDonn\u00e9es personnelles utilis\u00e9es et trait\u00e9es. En outre  \nAu moyen de cette d\u00e9claration de protection des donn\u00e9es, les personnes concern\u00e9es sont inform\u00e9es de la  \nles droits auxquels ils ont droit.<\/p>\n\n<p>L+T GASETECHNIK Kl\u00f6pper-Waldmann GmbH &amp; Co. KG a choisi comme  \nLe responsable du traitement de nombreuses techniques et  \nMesures organisationnelles mises en \u0153uvre afin d\u2019assurer le plus complet possible  \nProtection des donn\u00e9es personnelles trait\u00e9es via ce site Web  \ndonn\u00e9es. N\u00e9anmoins,  \nLes transmissions de donn\u00e9es pr\u00e9sentent g\u00e9n\u00e9ralement des lacunes en mati\u00e8re de s\u00e9curit\u00e9, de sorte qu\u2019un\n  Une protection absolue ne peut \u00eatre garantie. Pour cette raison,  \nChaque personne concern\u00e9e est libre d\u2019acc\u00e9der aux donn\u00e9es personnelles sur  \ndes moyens alternatifs, par exemple par t\u00e9l\u00e9phone, pour nous.<\/p>\n\n<h2 class=\"wp-block-heading\"> 1. Definitions <\/h2>\n\n<p>La politique de confidentialit\u00e9 de L+T GASETECHNIK Kl\u00f6pper-Waldmann GmbH  \n&amp; Co. KG est bas\u00e9 sur les termes utilis\u00e9s par le  \nL\u00e9gislateur europ\u00e9en pour l\u2019adoption de  \nR\u00e8glement g\u00e9n\u00e9ral sur la protection des donn\u00e9es (RGPD). Le n\u00f4tre  \nLa politique de confidentialit\u00e9 est destin\u00e9e \u00e0 la fois au public et  \nNos clients et partenaires commerciaux sont faciles \u00e0 lire et \u00e0 comprendre.\n  Pour ce faire, nous aimerions utiliser le  \nExpliquer la terminologie.<\/p>\n\n<p>In this data protection declaration, we use, inter alia, the following terms:<\/p>\n\n<h3 class=\"wp-block-heading\">a) Personal data<\/h3>\n\n<p>Personal data means any information relating to an identified or identifiable natural person (\u201cdata subject\u201d). An identifiable natural person is one who can be identified, directly or indirectly, in particular by reference to an identifier such as a name, an identification number, location data, an online identifier or to one or more factors specific to the physical, physiological, genetic, mental, economic, cultural or social identity of that natural person.<\/p>\n\n<h3 class=\"wp-block-heading\">b) Data subject<\/h3>\n\n<p>Data subject is any identified or identifiable natural person, whose personal data is processed by the controller responsible for the processing.<\/p>\n\n<h3 class=\"wp-block-heading\">c) Processing<\/h3>\n\n<p>Processing is any operation or set of operations which is performed on personal data or on sets of personal data, whether or not by automated means, such as collection, recording, organisation, structuring, storage, adaptation or alteration, retrieval, consultation, use, disclosure by transmission, dissemination or otherwise making available, alignment or combination, restriction, erasure or destruction.<\/p>\n\n<h3 class=\"wp-block-heading\">d) Restriction of processing<\/h3>\n\n<p>Restriction of processing is the marking of stored personal data with the aim of limiting their processing in the future.<\/p>\n\n<h3 class=\"wp-block-heading\">e) Profiling<\/h3>\n\n<p>Profiling means any form of automated processing of personal data consisting of the use of personal data to evaluate certain personal aspects relating to a natural person, in particular to analyse or predict aspects concerning that natural person\u2019s performance at work, economic situation, health, personal preferences, interests, reliability, behaviour, location or movements.<\/p>\n\n<h3 class=\"wp-block-heading\">f) Pseudonymisation<\/h3>\n\n<p>Pseudonymisation is the processing of personal data in such a manner that the personal data can no longer be attributed to a specific data subject without the use of additional information, provided that such additional information is kept separately and is subject to technical and organisational measures to ensure that the personal data are not attributed to an identified or identifiable natural person.<\/p>\n\n<h3 class=\"wp-block-heading\">g) Controller or controller responsible for the processing<\/h3>\n\n<p>Controller or controller responsible for the processing is the natural or legal person, public authority, agency or other body which, alone or jointly with others, determines the purposes and means of the processing of personal data; where the purposes and means of such processing are determined by Union or Member State law, the controller or the specific criteria for its nomination may be provided for by Union or Member State law. Lorsque les finalit\u00e9s et les moyens de ce traitement sont d\u00e9termin\u00e9s par le droit de l\u2019Union ou le droit d\u2019un \u00c9tat membre, le responsable du traitement ou les crit\u00e8res sp\u00e9cifiques pour sa d\u00e9signation peuvent \u00eatre pr\u00e9vus par le droit de l\u2019Union ou le droit d\u2019un \u00c9tat membre.<\/p>\n\n<h3 class=\"wp-block-heading\">h) Processor<\/h3>\n\n<p>Processor is a natural or legal person, public authority, agency or other body which processes personal data on behalf of the controller.<\/p>\n\n<h3 class=\"wp-block-heading\">i) Recipient<\/h3>\n\n<p>Recipient is a natural or legal person, public authority, agency or another body, to which the personal data are disclosed, whether a third party or not. However, public authorities which may receive personal data in the framework of a particular inquiry in accordance with Union or Member State law shall not be regarded as recipients; the processing of those data by those public authorities shall be in compliance with the applicable data protection rules according to the purposes of the processing. Toutefois, les autorit\u00e9s publiques susceptibles de recevoir des donn\u00e9es \u00e0 caract\u00e8re personnel dans le cadre d\u2019une enqu\u00eate sp\u00e9cifique en vertu du droit de l\u2019Union ou du droit d\u2019un \u00c9tat membre ne sont pas consid\u00e9r\u00e9es comme des destinataires.<\/p>\n\n<h3 class=\"wp-block-heading\">j) Third party<\/h3>\n\n<p>Third party is a natural or legal person, public authority, agency or body other than the data subject, controller, processor and persons who, under the direct authority of the controller or processor, are authorised to process personal data.<\/p>\n\n<h3 class=\"wp-block-heading\">k) Consent<\/h3>\n\n<p>Le consentement est tout consentement fourni volontairement par la personne concern\u00e9e pour le  \nde mani\u00e8re \u00e9clair\u00e9e et sans ambigu\u00eft\u00e9  \nManifestation d\u2019intention sous la forme d\u2019une d\u00e9claration ou de toute autre d\u00e9claration  \naction positive claire par laquelle la personne concern\u00e9e  \ncomprendre qu\u2019il est impliqu\u00e9 dans le traitement des donn\u00e9es les concernant  \ndonn\u00e9es personnelles.<\/p>\n\n<h2 class=\"wp-block-heading\">2. Name and Address of the controller <\/h2>\n\n<p>Responsable du traitement au sens du R\u00e8glement g\u00e9n\u00e9ral sur la protection des donn\u00e9es, autres  \nen vigueur dans les \u00c9tats membres de l\u2019Union europ\u00e9enne  \nLois sur la protection des donn\u00e9es et autres dispositions relatives \u00e0 la protection des donn\u00e9es  \nLe caract\u00e8re est le:<\/p>\n\n<p>L+T GASETECHNIK Kl\u00f6pper-Waldmann GmbH &amp; Co. KG<br\/>Martener Str. 535<br\/>44379 Dortmund<br\/>Tel: +49 231 961070-12<br\/><a href=\"mailto:%20info@lt-gasetechnik.com\">info@lt-gasetechnik.com<\/a><\/p>\n\n<h2 class=\"wp-block-heading\">3. Address of the data protection officer <\/h2>\n\n<p>You can reach our external data protection officer at the following address: Telefon: +49 231 961070-12 oder E-Mail: <a href=\"mailto:a.hanf@lt-gasetechnik.com\">a.hanf@lt-gasetechnik.com<\/a><\/p>\n\n<p>Every person concerned can contact our data protection officer directly at any time with all questions and suggestions regarding data protection. \nSuggestions sur la protection des donn\u00e9es directement \u00e0 notre d\u00e9l\u00e9gu\u00e9 \u00e0 la protection des donn\u00e9es  \ntourner.<\/p>\n\n<h2 class=\"wp-block-heading\">4. Cookies <\/h2>\n\n<p>The Internet pages of the L+T GASETECHNIK Kl\u00f6pper-Waldmann GmbH &amp; Co. KG use cookies. Cookies are text files that are stored in a computer system via an Internet browser. \nCo. KG utilise des cookies. Les cookies sont des fichiers texte accessibles via un  \nNavigateur Internet stock\u00e9 et stock\u00e9 sur un syst\u00e8me informatique  \ndevenir.<\/p>\n\n<p>De nombreux sites Web et serveurs utilisent des cookies. De nombreux cookies\n  contiennent un identifiant de cookie. Un ID de cookie est un\n  Identifiant du cookie. Il se compose d\u2019une cha\u00eene par laquelle  \nPages Internet et serveurs affect\u00e9s au navigateur Internet sp\u00e9cifique  \ndans lequel le cookie a \u00e9t\u00e9 stock\u00e9. Cela permet de :  \nles sites Web et les serveurs visit\u00e9s, le navigateur individuel du  \npersonne concern\u00e9e par d\u2019autres navigateurs Internet qui utilisent d\u2019autres cookies  \n\u00e0 distinguer. Un navigateur Internet particulier est accessible via  \nl\u2019ID de cookie unique est reconnu et identifi\u00e9.<\/p>\n\n<p>Gr\u00e2ce \u00e0 l\u2019utilisation de cookies, L+T GASETECHNIK  \nKl\u00f6pper-Waldmann GmbH &amp; Co. KG aux utilisateurs de ce site Web  \nFournir des services plus conviviaux qui ne n\u00e9cessitent pas le param\u00e9trage de cookies  \nne serait pas possible.<\/p>\n\n<p>Au moyen d\u2019un cookie, les informations et les offres sur  \nde notre site Web peut \u00eatre optimis\u00e9 en tenant compte de l\u2019utilisateur. Cookies  \nnous permettre, comme d\u00e9j\u00e0 mentionn\u00e9, les utilisateurs de notre site Web\n  Reconna\u00eetre. Le but de cette reconnaissance est de fournir aux utilisateurs le  \nfaciliter l\u2019utilisation de notre site Web. L\u2019utilisateur d\u2019un  \nPar exemple, un site Web qui utilise des cookies n\u2019a pas \u00e0 le faire  \nressaisir ses donn\u00e9es d\u2019acc\u00e8s chaque fois que vous visitez le site Web, car  \nceci \u00e0 partir du site Web et sur le syst\u00e8me informatique de l\u2019utilisateur  \ncookie stock\u00e9. Un autre exemple est le cookie  \nd\u2019un panier dans la boutique en ligne. La boutique en ligne se souvient du  \nArticles qu\u2019un client a plac\u00e9s dans le panier virtuel via un  \nBiscuit.<\/p>\n\n<p>La personne concern\u00e9e peut emp\u00eacher l\u2019installation de cookies par notre site Web \u00e0 tout moment au moyen d\u2019un r\u00e9glage correspondant du navigateur Internet utilis\u00e9 et ainsi s\u2019opposer de mani\u00e8re permanente \u00e0 l\u2019installation de cookies. En outre, les cookies d\u00e9j\u00e0 install\u00e9s peuvent \u00eatre supprim\u00e9s \u00e0 tout moment via un navigateur Internet ou d\u2019autres logiciels. Ceci est possible dans tous les navigateurs Internet courants. Si la personne concern\u00e9e d\u00e9sactive l\u2019installation de cookies dans le navigateur Internet utilis\u00e9, toutes les fonctions de notre site Web peuvent ne pas \u00eatre pleinement utilisables.<\/p>\n\n<h3 class=\"wp-block-heading\" id=\"h-einwilligung-mit-borlabs-cookie\">Consentement avec Borlabs Cookie<\/h3>\n\n<p>Notre site Web utilise la technologie de consentement de Borlabs Cookie pour obtenir votre consentement au stockage de certains cookies dans votre navigateur ou \u00e0 l\u2019utilisation de certaines technologies et pour les documenter conform\u00e9ment aux r\u00e9glementations en mati\u00e8re de protection des donn\u00e9es. Le fournisseur de cette technologie est Borlabs \u2013 Benjamin A. Bornschein, R\u00fcbenkamp 32, 22305 Hambourg (ci-apr\u00e8s d\u00e9nomm\u00e9 Borlabs).<\/p>\n\n<p>Lorsque vous acc\u00e9dez \u00e0 notre site Web, un cookie Borlabs est stock\u00e9 dans votre navigateur, dans lequel les consentements que vous avez donn\u00e9s ou la r\u00e9vocation de ces consentements sont stock\u00e9s. Ces donn\u00e9es ne seront pas transmises au fournisseur des cookies Borlabs.<\/p>\n\n<p>Les donn\u00e9es collect\u00e9es seront stock\u00e9es jusqu\u2019\u00e0 ce que vous nous demandiez de les supprimer ou de supprimer le cookie Borlabs lui-m\u00eame ou que la finalit\u00e9 du stockage des donn\u00e9es ne s\u2019applique plus. Les d\u00e9lais de conservation l\u00e9gaux obligatoires ne sont pas affect\u00e9s. Vous trouverez des d\u00e9tails sur le traitement des donn\u00e9es des cookies Borlabs sous <a href=\"https:\/\/de.borlabs.io\/kb\/welche-daten-speichert-borlabs-cookie\/\" target=\"_blank\" rel=\"noreferrer noopener\">https:\/\/de.borlabs.io\/kb\/welche-daten-speichert-borlabs-cookie\/<\/a>.<\/p>\n\n<p>La technologie de consentement aux cookies de Borlabs est utilis\u00e9e pour obtenir les consentements l\u00e9galement requis pour l\u2019utilisation de cookies. La base juridique pour cela est l\u2019article 6 par. 1 lit. c RGPD.<\/p>\n\n<h2 class=\"wp-block-heading\">5. Outils d\u2019analyse et publicit\u00e9<\/h2>\n\n<h3 class=\"wp-block-heading\" id=\"h-google-analytics\">Google Analytics<\/h3>\n\n<p>Ce site Web utilise les fonctions du service d\u2019analyse Web Google Analytics. Le fournisseur est Google Ireland Limited (\u00ab Google \u00bb), Gordon House, Barrow Street, Dublin 4, Irlande.<\/p>\n\n<p>Google Analytics permet \u00e0 l\u2019exploitant du site Web d\u2019analyser le comportement des visiteurs du site Web. Ce faisant, l\u2019exploitant du site Web re\u00e7oit diverses donn\u00e9es d\u2019utilisation, telles que les pages vues, la dur\u00e9e du s\u00e9jour, les syst\u00e8mes d\u2019exploitation utilis\u00e9s et l\u2019origine de l\u2019utilisateur. Ces donn\u00e9es peuvent \u00eatre r\u00e9sum\u00e9es par Google dans un profil attribu\u00e9 \u00e0 l\u2019utilisateur respectif ou \u00e0 son appareil.<\/p>\n\n<p>De plus, nous pouvons utiliser Google Analytics, entre autres. Enregistrez les mouvements et les clics de votre souris et faites d\u00e9filer. En outre, Google Analytics utilise diverses approches de mod\u00e9lisation pour compl\u00e9ter les ensembles de donn\u00e9es collect\u00e9es et utilise des technologies d\u2019apprentissage automatique dans l\u2019analyse des donn\u00e9es.<\/p>\n\n<p>Google Analytics utilise des technologies qui permettent la reconnaissance de l\u2019utilisateur dans le but d\u2019analyser le comportement de l\u2019utilisateur (par exemple, les cookies ou les empreintes digitales de l\u2019appareil). Les informations collect\u00e9es par Google sur l\u2019utilisation de ce site Web sont g\u00e9n\u00e9ralement transmises \u00e0 un serveur de Google aux \u00c9tats-Unis et y sont stock\u00e9es.<\/p>\n\n<p>L\u2019utilisation de cet outil d\u2019analyse est bas\u00e9e sur l\u2019art. 6 par. 1 lit. f RGPD. L\u2019exploitant du site Web a un int\u00e9r\u00eat l\u00e9gitime \u00e0 analyser le comportement des utilisateurs afin d\u2019optimiser son site Web et sa publicit\u00e9. Si un consentement correspondant a \u00e9t\u00e9 demand\u00e9 (par exemple, consentement au stockage de cookies), le traitement a lieu exclusivement sur la base de l\u2019art. 6 par. 1 lit. un RGPD ; Le consentement peut \u00eatre r\u00e9voqu\u00e9 \u00e0 tout moment.<\/p>\n\n<p>Le transfert de donn\u00e9es vers les \u00c9tats-Unis est bas\u00e9 sur les clauses contractuelles types de la Commission europ\u00e9enne. Les d\u00e9tails peuvent \u00eatre trouv\u00e9s ici: <a href=\"https:\/\/privacy.google.com\/businesses\/controllerterms\/mccs\/\" target=\"_blank\" rel=\"noreferrer noopener\">https:\/\/privacy.google.com\/businesses\/controllerterms\/mccs\/<\/a>.<\/p>\n\n<h4 class=\"wp-block-heading\" id=\"h-browser-plugin\">Plugin de navigateur<\/h4>\n\n<p>Vous pouvez emp\u00eacher la collecte et le traitement de vos donn\u00e9es par Google en t\u00e9l\u00e9chargeant et en installant le plug-in de navigateur disponible sous le lien suivant : <a href=\"https:\/\/tools.google.com\/dlpage\/gaoptout?hl=de\" target=\"_blank\" rel=\"noreferrer noopener\">https:\/\/tools.google.com\/dlpage\/gaoptout?hl=de<\/a>.<\/p>\n\n<p>Vous trouverez plus d\u2019informations sur le traitement des donn\u00e9es des utilisateurs par Google Analytics dans la politique de confidentialit\u00e9 de Google : <a href=\"https:\/\/support.google.com\/analytics\/answer\/6004245?hl=de\" target=\"_blank\" rel=\"noreferrer noopener\">https:\/\/support.google.com\/analytics\/answer\/6004245?hl=de<\/a>.<\/p>\n\n<h4 class=\"wp-block-heading\" id=\"h-auftragsverarbeitung-1\">Traitement des commandes<\/h4>\n\n<p>Nous avons conclu un accord de traitement du contrat avec Google et mettons pleinement en \u0153uvre les exigences strictes des autorit\u00e9s allemandes de protection des donn\u00e9es lors de l\u2019utilisation de Google Analytics.<\/p>\n\n<h4 class=\"wp-block-heading\" id=\"h-speicherdauer-1\">Dur\u00e9e de conservation<\/h4>\n\n<p>Les donn\u00e9es stock\u00e9es par Google au niveau de l\u2019utilisateur et de l\u2019\u00e9v\u00e9nement qui sont li\u00e9es \u00e0 des cookies, des identifiants utilisateur (par exemple, ID utilisateur) ou des identifiants publicitaires (par exemple, cookies DoubleClick, identifiant publicitaire Android) seront anonymis\u00e9es ou supprim\u00e9es apr\u00e8s 2 mois. Les d\u00e9tails peuvent \u00eatre trouv\u00e9s sous le lien suivant: <a href=\"https:\/\/support.google.com\/analytics\/answer\/7667196?hl=de\" target=\"_blank\" rel=\"noreferrer noopener\">https:\/\/support.google.com\/analytics\/answer\/7667196?hl=de<\/a><\/p>\n\n<h3 class=\"wp-block-heading\" id=\"h-google-ads\">Annonces Google<\/h3>\n\n<p>L\u2019exploitant du site Web utilise Google Ads. Google Ads est un programme de publicit\u00e9 en ligne de Google Ireland Limited (\u00ab Google \u00bb), Gordon House, Barrow Street, Dublin 4, Irlande.<\/p>\n\n<p>Google Ads nous permet d\u2019afficher des publicit\u00e9s dans le moteur de recherche Google ou sur des sites Web tiers lorsque l\u2019utilisateur saisit certains termes de recherche dans Google (ciblage par mots cl\u00e9s). En outre, des publicit\u00e9s cibl\u00e9es peuvent \u00eatre affich\u00e9es sur la base des donn\u00e9es utilisateur disponibles sur Google (par exemple, donn\u00e9es de localisation et int\u00e9r\u00eats) (ciblage par groupe cible). En tant qu\u2019exploitant de site Web, nous pouvons \u00e9valuer ces donn\u00e9es quantitativement, par exemple en analysant quels termes de recherche ont conduit \u00e0 l\u2019affichage de nos publicit\u00e9s et combien d\u2019annonces ont conduit \u00e0 des clics correspondants.<\/p>\n\n<p>L\u2019utilisation de Google Ads est bas\u00e9e sur l\u2019art. 6 par. 1 lit. f RGPD. L\u2019exploitant du site Web a un int\u00e9r\u00eat l\u00e9gitime \u00e0 ce que la commercialisation la plus efficace de ses produits de service soit la plus efficace.<\/p>\n\n<p>Le transfert de donn\u00e9es vers les \u00c9tats-Unis est bas\u00e9 sur les clauses contractuelles types de la Commission europ\u00e9enne. Les d\u00e9tails peuvent \u00eatre trouv\u00e9s ici: <a href=\"https:\/\/policies.google.com\/privacy\/frameworks\" target=\"_blank\" rel=\"noreferrer noopener\">https:\/\/policies.google.com\/privacy\/frameworks<\/a> et <a href=\"https:\/\/privacy.google.com\/businesses\/controllerterms\/mccs\/\" target=\"_blank\" rel=\"noreferrer noopener\">https:\/\/privacy.google.com\/businesses\/controllerterms\/mccs\/<\/a>.<\/p>\n\n<h2 class=\"wp-block-heading\">6. Plugins et outils<\/h2>\n\n<h3 class=\"wp-block-heading\" id=\"h-youtube-mit-erweitertem-datenschutz\">YouTube avec une confidentialit\u00e9 accrue<\/h3>\n\n<p>Ce site Web int\u00e8gre des vid\u00e9os de YouTube. L\u2019exploitant des pages est Google Ireland Limited (\u00ab Google \u00bb), Gordon House, Barrow Street, Dublin 4, Irlande.<\/p>\n\n<p>Nous utilisons YouTube en mode de protection des donn\u00e9es \u00e9tendu. Selon YouTube, ce mode signifie que YouTube ne stocke aucune information sur les visiteurs de ce site Web avant de regarder la vid\u00e9o. Cependant, le mode de protection des donn\u00e9es \u00e9tendu n\u2019exclut pas n\u00e9cessairement le transfert de donn\u00e9es \u00e0 des partenaires YouTube. C\u2019est ainsi que YouTube se connecte au r\u00e9seau Google DoubleClick, que vous regardiez ou non une vid\u00e9o.<\/p>\n\n<p>D\u00e8s que vous d\u00e9marrez une vid\u00e9o YouTube sur ce site, une connexion aux serveurs de YouTube est \u00e9tablie. Le serveur YouTube est inform\u00e9 des pages que vous avez visit\u00e9es. Si vous \u00eates connect\u00e9 \u00e0 votre compte YouTube, vous permettez \u00e0 YouTube d\u2019associer votre comportement de navigation directement \u00e0 votre profil personnel. Vous pouvez emp\u00eacher cela en vous d\u00e9connectant de votre compte YouTube.<\/p>\n\n<p>En outre, YouTube peut stocker divers cookies sur votre appareil apr\u00e8s le d\u00e9marrage d\u2019une vid\u00e9o ou utiliser des technologies de reconnaissance comparables (par exemple, les empreintes digitales de l\u2019appareil). De cette fa\u00e7on, YouTube peut obtenir des informations sur les visiteurs de ce site Web. Ces informations sont utilis\u00e9es, entre autres, pour collecter des statistiques vid\u00e9o, am\u00e9liorer l\u2019exp\u00e9rience utilisateur et pr\u00e9venir la fraude.<\/p>\n\n<p>Si n\u00e9cessaire, d\u2019autres op\u00e9rations de traitement des donn\u00e9es peuvent \u00eatre d\u00e9clench\u00e9es apr\u00e8s le d\u00e9but d\u2019une vid\u00e9o YouTube, sur laquelle nous n\u2019avons aucune influence.<\/p>\n\n<p>L\u2019utilisation de YouTube est dans l\u2019int\u00e9r\u00eat d\u2019une pr\u00e9sentation attrayante de nos offres en ligne. Cela constitue un int\u00e9r\u00eat l\u00e9gitime au sens de l\u2019art. 6 par. 1 lit. f RGPD. Si un consentement correspondant a \u00e9t\u00e9 demand\u00e9, le traitement a lieu exclusivement sur la base de l\u2019art. 6 par. 1 lit. un RGPD ; Le consentement peut \u00eatre r\u00e9voqu\u00e9 \u00e0 tout moment.<\/p>\n\n<p>Vous trouverez de plus amples informations sur la protection des donn\u00e9es chez YouTube dans leur politique de confidentialit\u00e9 \u00e0 l\u2019adresse suivante : <a href=\"https:\/\/policies.google.com\/privacy?hl=de\" target=\"_blank\" rel=\"noreferrer noopener\">https:\/\/policies.google.com\/privacy?hl=de<\/a>.<\/p>\n\n<h3 class=\"wp-block-heading\" id=\"h-google-maps\">Google Maps<\/h3>\n\n<p>Ce site utilise le service de carte Google Maps. Le fournisseur est Google Ireland Limited (\u00ab Google \u00bb), Gordon House, Barrow Street, Dublin 4, Irlande.<\/p>\n\n<p>Pour utiliser les fonctions de Google Maps, il est n\u00e9cessaire d\u2019enregistrer votre adresse IP. Ces informations sont g\u00e9n\u00e9ralement transmises \u00e0 un serveur de Google aux \u00c9tats-Unis et y sont stock\u00e9es. Le fournisseur de ce site n\u2019a aucune influence sur ce transfert de donn\u00e9es. Si Google Maps est activ\u00e9, Google peut utiliser Google Web Fonts dans le but d\u2019afficher uniform\u00e9ment les polices. Lorsque vous appelez Google Maps, votre navigateur charge les polices Web requises dans le cache de votre navigateur afin d\u2019afficher correctement les textes et les polices.<\/p>\n\n<p>L\u2019utilisation de Google Maps est dans l\u2019int\u00e9r\u00eat d\u2019une pr\u00e9sentation attrayante de nos offres en ligne et d\u2019une rep\u00e9rabilit\u00e9 facile des lieux que nous indiquons sur le site Web. Cela constitue un int\u00e9r\u00eat l\u00e9gitime au sens de l\u2019art. 6 par. 1 lit. f RGPD. Si un consentement correspondant a \u00e9t\u00e9 demand\u00e9, le traitement a lieu exclusivement sur la base de l\u2019art. 6 par. 1 lit. un RGPD ; Le consentement peut \u00eatre r\u00e9voqu\u00e9 \u00e0 tout moment.<\/p>\n\n<p>Le transfert de donn\u00e9es vers les \u00c9tats-Unis est bas\u00e9 sur les clauses contractuelles types de la Commission europ\u00e9enne. Les d\u00e9tails peuvent \u00eatre trouv\u00e9s ici: <a href=\"https:\/\/privacy.google.com\/businesses\/gdprcontrollerterms\/\" target=\"_blank\" rel=\"noreferrer noopener\">https:\/\/privacy.google.com\/businesses\/gdprcontrollerterms\/<\/a> et <a href=\"https:\/\/privacy.google.com\/businesses\/gdprcontrollerterms\/sccs\/\" target=\"_blank\" rel=\"noreferrer noopener\">https:\/\/privacy.google.com\/businesses\/gdprcontrollerterms\/sccs\/<\/a>.<\/p>\n\n<p>Vous trouverez plus d\u2019informations sur le traitement des donn\u00e9es des utilisateurs dans la politique de confidentialit\u00e9 de Google : <a href=\"https:\/\/policies.google.com\/privacy?hl=de\" target=\"_blank\" rel=\"noreferrer noopener\">https:\/\/policies.google.com\/privacy?hl=de<\/a>.<\/p>\n\n<h3 class=\"wp-block-heading\" id=\"h-google-recaptcha\">Google reCAPTCHA<\/h3>\n\n<p>Nous utilisons \u00ab\u00a0Google reCAPTCHA\u00a0\u00bb (ci-apr\u00e8s d\u00e9nomm\u00e9 \u00ab\u00a0reCAPTCHA\u00a0\u00bb) sur ce site. Le fournisseur est Google Ireland Limited (\u00ab Google \u00bb), Gordon House, Barrow Street, Dublin 4, Irlande.<\/p>\n\n<p>Le but de reCAPTCHA est de v\u00e9rifier si la saisie de donn\u00e9es sur ce site Web (par exemple dans un formulaire de contact) est effectu\u00e9e par un humain ou par un programme automatis\u00e9. \u00c0 cette fin, reCAPTCHA analyse le comportement du visiteur du site Web sur la base de diverses caract\u00e9ristiques. Cette analyse commence automatiquement d\u00e8s que le visiteur du site Web entre sur le site Web. Pour l\u2019analyse, reCAPTCHA \u00e9value diverses informations (par exemple, l\u2019adresse IP, la dur\u00e9e du s\u00e9jour du visiteur du site Web sur le site Web ou les mouvements de souris effectu\u00e9s par l\u2019utilisateur). Les donn\u00e9es collect\u00e9es lors de l\u2019analyse seront transmises \u00e0 Google.<\/p>\n\n<p>Les analyses reCAPTCHA se d\u00e9roulent enti\u00e8rement en arri\u00e8re-plan. Les visiteurs du site Web ne sont pas inform\u00e9s qu\u2019une analyse est en cours.<\/p>\n\n<p>Le stockage et l\u2019analyse des donn\u00e9es sont effectu\u00e9s sur la base de l\u2019art. 6 par. 1 lit. f RGPD. L\u2019exploitant du site Web a un int\u00e9r\u00eat l\u00e9gitime \u00e0 prot\u00e9ger ses offres Web contre l\u2019espionnage automatis\u00e9 abusif et le SPAM. Si un consentement correspondant a \u00e9t\u00e9 demand\u00e9, le traitement a lieu exclusivement sur la base de l\u2019art. 6 par. 1 lit. un RGPD ; Le consentement peut \u00eatre r\u00e9voqu\u00e9 \u00e0 tout moment.<\/p>\n\n<p>Pour plus d\u2019informations sur Google reCAPTCHA, veuillez consulter la politique de confidentialit\u00e9 de Google et les conditions d\u2019utilisation de Google aux liens suivants : <a href=\"https:\/\/policies.google.com\/privacy?hl=de\" target=\"_blank\" rel=\"noreferrer noopener\">https:\/\/policies.google.com\/privacy?hl=de<\/a> et <a href=\"https:\/\/policies.google.com\/terms?hl=de\" target=\"_blank\" rel=\"noreferrer noopener\">https:\/\/policies.google.com\/terms?hl=de<\/a>.<\/p>\n\n<h2 class=\"wp-block-heading\">7. Collecte de donn\u00e9es et d\u2019informations g\u00e9n\u00e9rales  <\/h2>\n\n<p>Le site web de L+T GASETECHNIK Kl\u00f6pper-Waldmann GmbH &amp; Co.\n  KG collecte \u00e0 chaque appel au site Web par une personne concern\u00e9e  \nPersonne ou un syst\u00e8me automatis\u00e9 un ensemble de donn\u00e9es g\u00e9n\u00e9rales  \net l\u2019information. Ces donn\u00e9es et informations g\u00e9n\u00e9rales sont d\u00e9crites dans  \nles fichiers journaux du serveur. Le (1)  \ntypes et versions de navigateurs utilis\u00e9s, (2) le navigateur utilis\u00e9 par le syst\u00e8me d\u2019acc\u00e8s  \nsyst\u00e8me d\u2019exploitation utilis\u00e9, (3) le site Web \u00e0 partir duquel un  \nLe syst\u00e8me d\u2019acc\u00e8s atteint notre site Web (appel\u00e9  \nR\u00e9f\u00e9rent), (4) les sous-sites Web auxquels on acc\u00e8de via un syst\u00e8me d\u2019acc\u00e8s  \nsur notre site Web, (5) la date et  \nMoment d\u2019acc\u00e8s au site Web, (6) a  \nAdresse de protocole Internet (adresse IP), (7) de la  \nFournisseur d\u2019acc\u00e8s Internet du syst\u00e8me d\u2019acc\u00e8s et (8) autres  \nDonn\u00e9es et informations similaires n\u00e9cessaires \u00e0 la s\u00e9curit\u00e9 en cas de:  \nAttaques contre nos syst\u00e8mes informatiques.<\/p>\n\n<p>Lors de l\u2019utilisation de ces donn\u00e9es et informations g\u00e9n\u00e9rales, le  \nL+T GASETECHNIK Kl\u00f6pper-Waldmann GmbH &amp; Co. KG pas de conclusions  \n\u00e0 la personne concern\u00e9e. Au contraire, cette information est n\u00e9cessaire,\n  pour (1) fournir correctement le contenu de notre site Web, (2)  \npour optimiser le contenu de notre site Web ainsi que la publicit\u00e9 pour celui-ci,\n  (3) la viabilit\u00e9 \u00e0 long terme de notre  \nles syst\u00e8mes de technologie de l\u2019information et la technologie de notre  \net (4) aider les organismes d\u2019application de la loi dans le cadre de l&rsquo;  \nEn cas de cyberattaque, le n\u00e9cessaire \u00e0 des poursuites p\u00e9nales  \nFournir de l\u2019information. Ces donn\u00e9es collect\u00e9es de mani\u00e8re anonyme et  \nLes informations sont fournies par L+T GASETECHNIK Kl\u00f6pper-Waldmann GmbH  \n&amp; Co. KG donc statistiquement d\u2019une part et dans le but de  \n\u00e9valu\u00e9, la protection et la s\u00e9curit\u00e9 des donn\u00e9es dans notre  \nAfin d\u2019atteindre un niveau optimal de protection pour le  \nDonn\u00e9es personnelles que nous traitons. Le  \nLes donn\u00e9es anonymes des fichiers journaux du serveur sont s\u00e9par\u00e9es de toutes par un  \ndonn\u00e9es personnelles fournies par la personne concern\u00e9e.<\/p>\n\n<h2 class=\"wp-block-heading\">8. Inscription sur notre site  <\/h2>\n\n<p>La personne concern\u00e9e a la possibilit\u00e9 de s\u2019inscrire sur le site Web\n  du responsable du traitement, en sp\u00e9cifiant:  \ndonn\u00e9es personnelles. Quelles donn\u00e9es personnelles  \nsont transmises au responsable du traitement,  \nles r\u00e9sultats du masque de saisie respectif requis pour l\u2019enregistrement  \nest utilis\u00e9. La personne concern\u00e9e a saisi  \nLes donn\u00e9es personnelles sont utilis\u00e9es exclusivement pour un usage interne\n  avec le responsable du traitement et pour ses propres besoins  \ncollect\u00e9s et stock\u00e9s. Le responsable du traitement peut:  \ndivulgation \u00e0 un ou plusieurs sous-traitants, par exemple :\n  prendre des dispositions pour qu\u2019un prestataire de services de colis collecte les donn\u00e9es personnelles  \n\u00e9galement exclusivement pour un usage interne, ce qui est similaire \u00e0 celui du  \nLe traitement est imputable aux responsables du traitement.<\/p>\n\n<p>En vous inscrivant sur le site de la  \nLe responsable du traitement sera \u00e9galement inform\u00e9 par le  \nFournisseur d\u2019acc\u00e8s Internet (FAI) attribu\u00e9 \u00e0 la personne concern\u00e9e  \nAdresse IP, date et heure de l\u2019enregistrement.  \nLe stockage de ces donn\u00e9es a lieu dans le contexte que seulement de cette mani\u00e8re  \nL\u2019utilisation abusive de nos services peut \u00eatre \u00e9vit\u00e9e, et ces donn\u00e9es  \npermettre, si n\u00e9cessaire, d\u2019enqu\u00eater sur les infractions p\u00e9nales commises. Dans la mesure o\u00f9  \nest le stockage de ces donn\u00e9es pour s\u00e9curiser le  \nContr\u00f4leurs de donn\u00e9es. Un transfert de ces donn\u00e9es\n  \u00e0 des tiers n\u2019a pas lieu, sauf obligation l\u00e9gale\n  existe \u00e0 des fins de divulgation ou sert les forces de l\u2019ordre.<\/p>\n\n<p>L\u2019enregistrement de la personne concern\u00e9e avec indication volontaire  \ndes donn\u00e9es \u00e0 caract\u00e8re personnel sert le responsable du traitement  \npour offrir \u00e0 la personne concern\u00e9e du contenu ou des services qui  \nen raison de la nature de la question offerte uniquement aux utilisateurs enregistr\u00e9s  \nEt c\u2019est de cela que nous parlons. Les personnes inscrites sont libres de  \nDonn\u00e9es personnelles fournies lors de l\u2019inscription \u00e0 tout moment  \nou enti\u00e8rement \u00e0 partir de la base de donn\u00e9es du  \nResponsable du traitement.<\/p>\n\n<p>Le responsable du traitement accorde \u00e0 chaque personne concern\u00e9e  \n\u00c0 tout moment sur demande, informations sur quelles donn\u00e9es personnelles  \nLes donn\u00e9es relatives \u00e0 la personne concern\u00e9e sont stock\u00e9es. Corrig\u00e9  \nou supprime le responsable du traitement personnel  \nDonn\u00e9es \u00e0 la demande ou indication de la personne concern\u00e9e, dans la mesure o\u00f9 ce n\u2019est pas le cas  \nobligations l\u00e9gales de conservation. La totalit\u00e9 de l&rsquo;  \nLes employ\u00e9s du responsable du traitement sont responsables de  \nDans ce contexte, la personne concern\u00e9e est la personne de contact pour  \nD\u00e9cret.<\/p>\n\n<h2 class=\"wp-block-heading\">9. Possibilit\u00e9 de contact via le site web  <\/h2>\n\n<p>Le site web de L+T GASETECHNIK Kl\u00f6pper-Waldmann GmbH &amp; Co.\n  KG contient des informations sur la base de dispositions l\u00e9gales qui  \nContact \u00e9lectronique rapide avec notre soci\u00e9t\u00e9 ainsi qu\u2019un\n  permettre une communication directe avec nous, ce qui permet \u00e9galement un  \nAdresse g\u00e9n\u00e9rale du courrier \u00e9lectronique (adresse \u00e9lectronique)  \nComprend. Si une personne concern\u00e9e est envoy\u00e9e par e-mail ou via un  \nFormulaire de contact le contact avec le pour le traitement  \nLa personne concern\u00e9e sera inform\u00e9e de la personne concern\u00e9e.  \nDonn\u00e9es personnelles transmises automatiquement. Tel  \nsur une base volontaire d\u2019une personne concern\u00e9e \u00e0 la personne responsable de la  \nTraitement des donn\u00e9es \u00e0 caract\u00e8re personnel transmises aux responsables du traitement  \nsont utilis\u00e9s \u00e0 des fins de traitement ou de contact  \npersonne concern\u00e9e. Il n\u2019y aura pas de transmission de ces  \ndonn\u00e9es personnelles \u00e0 des tiers.<\/p>\n\n<h2 class=\"wp-block-heading\">10. Fonction de commentaire dans le blog sur le site Web  <\/h2>\n\n<p>L+T GASETECHNIK Kl\u00f6pper-Waldmann GmbH &amp; Co. KG propose le  \nUtilisateurs d\u2019un blog disponible sur le site du  \nLe responsable du traitement a la possibilit\u00e9 de  \nLaissez des commentaires sur des articles de blog individuels. Un blog est un\n  sur un site Web, qui est g\u00e9n\u00e9ralement accessible au public  \nPortail dans lequel une ou plusieurs personnes, les blogueurs ou  \n\u00catre appel\u00e9 blogueurs Web, poster des articles ou des pens\u00e9es dans soi-disant  \nNotez les articles de blog. Les articles de blog peuvent g\u00e9n\u00e9ralement \u00eatre \u00e9dit\u00e9s par  \nTiers.<\/p>\n\n<p>Laisse \u00e0 une personne concern\u00e9e un commentaire dans lequel sur ce  \nEn plus du blog publi\u00e9 par le  \nles commentaires laiss\u00e9s par la personne concern\u00e9e, y compris des informations sur l\u2019heure\n  la saisie des commentaires et la personne concern\u00e9e selected  \nNom d\u2019utilisateur (pseudonyme) stock\u00e9 et publi\u00e9. De plus, l&rsquo;  \nAttribu\u00e9 par le fournisseur d\u2019acc\u00e8s Internet (FAI) de la personne concern\u00e9e  \nAdresse IP enregistr\u00e9e. Ce stockage de l\u2019adresse IP a lieu  \npour des raisons de s\u00e9curit\u00e9 et dans le cas o\u00f9 la personne concern\u00e9e  \nviole les droits de tiers en soumettant un commentaire, ou  \npublie du contenu ill\u00e9gal. Le stockage de ces donn\u00e9es personnelles  \nLes donn\u00e9es sont donc effectu\u00e9es dans l\u2019int\u00e9r\u00eat propre du  \nResponsable afin qu\u2019en cas d\u2019infraction \u00e0 la loi, il puisse  \npourrait disculper si n\u00e9cessaire. Il n\u2019y aura pas de transmission de ces  \nDonn\u00e9es personnelles collect\u00e9es aupr\u00e8s de tiers, le cas \u00e9ch\u00e9ant  \nLa divulgation n\u2019est pas requise par la loi ou  \nD\u00e9fense juridique du responsable du traitement.<\/p>\n\n<h2 class=\"wp-block-heading\">11. Abonnement aux commentaires du blog sur le site  <\/h2>\n\n<p>Sur le blog de L+T GASETECHNIK Kl\u00f6pper-Waldmann GmbH &amp; Co. KG  \nLes commentaires peuvent \u00eatre souscrits par des tiers  \ndevenir. En particulier, il est possible qu\u2019un commentateur  \nCommentaires \u00e0 la suite de son commentaire sur un  \nAbonn\u00e9 \u00e0 l\u2019article de blog.<\/p>\n\n<p>Si une personne concern\u00e9e choisit l\u2019option,  \nPour vous abonner aux commentaires, le  \nResponsable d\u2019un e-mail de confirmation automatique au  \nProc\u00e9dure de double opt-in pour v\u00e9rifier si le titulaire du  \nAdresse e-mail pour cette option. L\u2019option  \npour s\u2019abonner aux commentaires peut \u00eatre r\u00e9sili\u00e9 \u00e0 tout moment.<\/p>\n\n<h2 class=\"wp-block-heading\">12. Suppression et blocage syst\u00e9matiques des donn\u00e9es personnelles<\/h2>\n\n<p>Le responsable du traitement traite et stocke  \nDonn\u00e9es \u00e0 caract\u00e8re personnel de la personne concern\u00e9e uniquement pour la p\u00e9riode pendant laquelle :  \nest n\u00e9cessaire pour atteindre l\u2019objectif du stockage ou si ce  \npar le l\u00e9gislateur europ\u00e9en ou un  \nd\u2019autres l\u00e9gislateurs dans les lois ou r\u00e8glements que le  \nLa Commission est responsable de l\u2019application du responsable du traitement.<\/p>\n\n<p>Si la finalit\u00e9 de stockage ne s\u2019applique plus ou si l\u2019un des  \nL\u00e9gislateur ou autre autorit\u00e9 comp\u00e9tente  \nSi la p\u00e9riode de conservation prescrite par le l\u00e9gislateur, le  \nDonn\u00e9es personnelles syst\u00e9matiquement et conform\u00e9ment \u00e0 la loi  \nR\u00e8glements bloqu\u00e9s ou supprim\u00e9s.<\/p>\n\n<h2 class=\"wp-block-heading\">13. Droits de la personne concern\u00e9e<\/h2>\n\n<h3 class=\"wp-block-heading\"> a) Right of confirmation <\/h3>\n\n<p>Each data subject shall have the right granted by the European legislator to obtain from the controller the confirmation as to whether or not personal data concerning him or her are being processed. If a data subject wishes to avail himself of this right of confirmation, he or she may, at any time, contact any employee of the controller. Si une personne concern\u00e9e souhaite se pr\u00e9valoir de ce droit de confirmation, elle peut \u00e0 tout moment contacter un employ\u00e9 de Schaeffler GmbH.<\/p>\n\n<h3 class=\"wp-block-heading\">b) Right of access<\/h3>\n\n<p>Each data subject shall have the right granted by the European legislator to withdraw his or her consent to processing of his or her personal data at any time. \na le  \nDroit d\u2019obtenir du responsable du traitement \u00e0 tout moment  \nInformations gratuites sur les donn\u00e9es stock\u00e9es sur sa personne  \ndonn\u00e9es personnelles et une copie de ces informations.  \nEn outre, le l\u00e9gislateur europ\u00e9en pour les directives et r\u00e8glements  \nLa personne concern\u00e9e a eu acc\u00e8s aux informations suivantes :<\/p>\n\n<ul class=\"wp-block-list\"><li>the purposes of the processing;<\/li><li>the categories of personal data concerned;<\/li><li>the recipients or categories of recipients to whom the personal data have been or will be disclosed, in particular recipients in third countries or international organisations;<\/li><li>where possible, the envisaged period for which the personal data will be stored, or, if not possible, the criteria used to determine that period;<\/li><li>the existence of the right to request from the controller rectification or erasure of personal data, or restriction of processing of personal data concerning the data subject, or to object to such processing;<\/li><li>the existence of the right to lodge a complaint with a supervisory authority;<\/li><li>where the personal data are not collected from the data subject, any available information as to their source;<\/li><li>the existence of automated decision-making, including profiling, referred to in Article 22(1) and (4) of the GDPR and, at least in those cases, meaningful information about the logic involved, as well as the significance and envisaged consequences of such processing for the data subject.<\/li><\/ul>\n<p>En outre, la personne concern\u00e9e a le droit d\u2019\u00eatre inform\u00e9e si :\n  donn\u00e9es \u00e0 caract\u00e8re personnel \u00e0 destination d\u2019un pays tiers ou d\u2019un pays international  \nOrganisation. Si tel est le cas, l&rsquo;  \nEn outre, la personne concern\u00e9e a le droit d\u2019obtenir des informations sur les\n  obtenir des garanties dans le cadre du transfert.<\/p>\n\n<p>If a data subject wishes to avail himself of this right of access, he or she may, at any time, contact any employee of the controller.<\/p>\n\n<h3 class=\"wp-block-heading\">c) Right to rectification<\/h3>\n\n<p>Each data subject shall have the right granted by the European legislator to obtain from the controller without undue delay the rectification of inaccurate personal data concerning him or her. Taking into account the purposes of the processing, the data subject shall have the right to have incomplete personal data completed, including by means of providing a supplementary statement. Compte tenu des finalit\u00e9s du traitement, la personne concern\u00e9e a le droit de faire compl\u00e9ter les donn\u00e9es \u00e0 caract\u00e8re personnel incompl\u00e8tes, y compris en fournissant une d\u00e9claration compl\u00e9mentaire.<\/p>\n\n<p>If a data subject wishes to exercise this right to rectification, he or she may, at any time, contact any employee of the controller.<\/p>\n\n<h3 class=\"wp-block-heading\">d) Right to erasure (Right to be forgotten)<\/h3>\n\n<p>Each data subject shall have the right granted by the European legislator to withdraw his or her consent to processing of his or her personal data at any time. \na le  \nDroit d\u2019obtenir du responsable du traitement que les donn\u00e9es le concernant  \nLes donn\u00e9es personnelles sont imm\u00e9diatement supprim\u00e9es, \u00e0 condition que l\u2019un des  \ns\u2019applique aux raisons suivantes et dans la mesure o\u00f9 le traitement n\u2019est pas n\u00e9cessaire\n  est:<\/p>\n\n<ul class=\"wp-block-list\"><li>The personal data are no longer necessary in relation to the purposes for which they were collected or otherwise processed. \ntrait\u00e9es de toute autre mani\u00e8re pour laquelle elles ne sont plus n\u00e9cessaires  \nare.<\/li><li>La personne concern\u00e9e retire son consentement, sur lequel le  \nTraitement conform\u00e9ment \u00e0 l\u2019art. 6 par. 1 lettre a RGPD ou art. 9 par. 2  \nlettre a RGPD, et il n\u2019y a pas d\u2019autre  \nBase juridique du traitement.<\/li><li>Conform\u00e9ment \u00e0 l\u2019art. 21 par. 1 Opposition RGPD  \net il n\u2019y a pas de b\u00e9n\u00e9ficiaires prioritaires\n  les raisons du traitement, ou la personne concern\u00e9e soumet conform\u00e9ment \u00e0  \n21 par. 2 RGPD.<\/li><li>The personal data have been unlawfully processed.<\/li><li>The personal data must be erased for compliance with a legal obligation in Union or Member State law to which the controller is subject. \nobligation juridique en vertu du droit de l\u2019Union ou du droit de  \n\u00c9tats membres dont rel\u00e8ve le responsable du traitement.<\/li><li>The personal data have been collected in relation to the offer of information society services referred to in Article 8 (1) of the GDPR. \nde la soci\u00e9t\u00e9 de l\u2019information conform\u00e9ment \u00e0 l\u2019article 8 par. 1 RGPD.<\/li><\/ul>\n<p>Si l\u2019une des raisons ci-dessus s\u2019applique et qu\u2019une  \nLa suppression des donn\u00e9es personnelles stock\u00e9es par L+T  \nGASETECHNIK Kl\u00f6pper-Waldmann GmbH &amp; Co. KG,  \n, elle peut contacter un employ\u00e9 \u00e0 tout moment  \ndu responsable du traitement. L\u2019employ\u00e9 de l&rsquo;  \nL+T GASETECHNIK Kl\u00f6pper-Waldmann GmbH &amp; Co. KG organisera  \nque la demande d\u2019effacement soit satisfaite imm\u00e9diatement.<\/p>\n\n<p>Si les donn\u00e9es personnelles ont \u00e9t\u00e9 rendues publiques par L+T GASETECHNIK Kl\u00f6pper-Waldmann GmbH &amp; Co. KG et que notre soci\u00e9t\u00e9 est responsable en tant que responsable du traitement conform\u00e9ment \u00e0 l\u2019art. 17 par. 1 pour effacer les donn\u00e9es \u00e0 caract\u00e8re personnel, L+T GASETECHNIK Kl\u00f6pper-Waldmann GmbH &amp; Co. KG, compte tenu de la technologie disponible et du co\u00fbt de mise en \u0153uvre, prend des mesures raisonnables, y compris des mesures techniques, pour informer les autres responsables du traitement des donn\u00e9es \u00e0 caract\u00e8re personnel que la personne concern\u00e9e a \u00e9t\u00e9 d\u00e9sign\u00e9e par ces responsables du traitement.  a demand\u00e9 la suppression de tous les liens vers ces donn\u00e9es personnelles ou des copies ou des r\u00e9plications de ces donn\u00e9es personnelles, dans la mesure o\u00f9 le traitement n\u2019est pas n\u00e9cessaire. Un employ\u00e9 de L+T GASETECHNIK Kl\u00f6pper-Waldmann GmbH &amp; Co. KG organisera les mesures n\u00e9cessaires dans des cas individuels.<\/p>\n\n<h3 class=\"wp-block-heading\">e) Right of restriction of processing<\/h3>\n\n<p>Each data subject shall have the right granted by the European legislator to withdraw his or her consent to processing of his or her personal data at any time. \na le  \nDroit d\u2019obtenir du responsable du traitement la limitation du traitement  \nsi l\u2019une des conditions suivantes est remplie :<\/p>\n\n<ul class=\"wp-block-list\"><li>The accuracy of the personal data is contested by the data subject, for a period enabling the controller to verify the accuracy of the personal data.\n  Dans le cas de la personne concern\u00e9e, pendant une p\u00e9riode n\u00e9cessaire \u00e0 la personne responsable,\n  permet de v\u00e9rifier l\u2019exactitude des donn\u00e9es personnelles.<\/li><li>The processing is unlawful and the data subject opposes the erasure of the personal data and requests instead the restriction of their use instead. \nsuppression des donn\u00e9es personnelles et demande \u00e0 la place le  \nRestriction de l\u2019utilisation des donn\u00e9es personnelles.<\/li><li>The controller no longer needs the personal data for the purposes of the processing, but they are required by the data subject for the establishment, exercise or defense of legal claims. \nles finalit\u00e9s du traitement ne sont plus, la personne concern\u00e9e en a besoin\n  toutefois, pour faire valoir, exercer ou d\u00e9fendre  \nR\u00e9clamations l\u00e9gales.<\/li><li>The data subject has objected to processing pursuant to Article 21 (1) of the GDPR pending the verification whether the legitimate grounds of the controller override those of the data subject. \n21 par. 1 du RGPD et il n\u2019est pas encore clair si le  \nles motifs l\u00e9gitimes du responsable du traitement vis-\u00e0-vis de ceux des personnes concern\u00e9es\n  Personne pr\u00e9dominent.<\/li><\/ul>\n<p>If one of the aforementioned conditions is met, and a data subject wishes to request the restriction of the processing of personal data stored by the L+T GASETECHNIK Kl\u00f6pper-Waldmann GmbH &amp; Co. KG, he or she may at any time contact any employee of the controller. The employee of theL+T GASETECHNIK Kl\u00f6pper-Waldmann GmbH &amp; Co. KG will arrange the restriction of the processing. L\u2019employ\u00e9 de L+T GASETECHNIK Kl\u00f6pper-Waldmann GmbH &amp; Co. KG organisera la limitation du traitement.<\/p>\n\n<h3 class=\"wp-block-heading\">f) Right to data portability<\/h3>\n\n<p>Each data subject shall have the right granted by the European legislator to withdraw his or her consent to processing of his or her personal data at any time. \na le  \nDroit de demander les donn\u00e9es personnelles les concernant qui ont \u00e9t\u00e9 collect\u00e9es par le  \nLa personne concern\u00e9e a \u00e9t\u00e9 mise \u00e0 la disposition d\u2019un responsable du traitement, dans un\n  Format structur\u00e9, commun et lisible par machine. Ils  \na \u00e9galement le droit de transf\u00e9rer ces donn\u00e9es \u00e0 un autre responsable du traitement sans  \nHandicap par le responsable du traitement auquel les donn\u00e9es personnelles sont destin\u00e9es  \nont \u00e9t\u00e9 fournis, \u00e0 condition que le traitement soit bas\u00e9 sur le  \nConsentement conform\u00e9ment \u00e0 l\u2019art. 6 par. 1 lettre a RGPD ou art. 9 par. 2  \nlettre a RGPD ou sur un contrat conform\u00e9ment \u00e0 l\u2019art. 6 par. 1 lettre b\n  RGPD et traitement \u00e0 l\u2019aide de proc\u00e9dures automatis\u00e9es  \nest effectu\u00e9 sauf si le traitement est effectu\u00e9 pour l\u2019ex\u00e9cution d\u2019une t\u00e2che\n  est n\u00e9cessaire dans l\u2019int\u00e9r\u00eat public ou dans l\u2019exercice :  \nl\u2019autorit\u00e9 publique, qui est d\u00e9l\u00e9gu\u00e9e \u00e0 la personne responsable  \nDevint.<\/p>\n\n<p>En outre, dans l\u2019exercice de son droit \u00e0:  \nPortabilit\u00e9 des donn\u00e9es conform\u00e9ment \u00e0 l\u2019art. 20 par. 1 RGPD, le droit d\u2019obtenir,\n  que les donn\u00e9es \u00e0 caract\u00e8re personnel sont transf\u00e9r\u00e9es directement d\u2019un responsable du traitement \u00e0  \n\u00eatre transmises \u00e0 un autre responsable du traitement, dans la mesure o\u00f9 cela est techniquement\n  est r\u00e9alisable et \u00e0 condition qu\u2019elle n\u2019affecte pas les droits et libert\u00e9s d\u2019autrui  \npersonnes ont les facult\u00e9s affaiblies.<\/p>\n\n<p>In order to assert the right to data portability, the data subject may at any time contact any employee of the L+T GASETECHNIK Kl\u00f6pper-Waldmann GmbH &amp; Co. KG.<\/p>\n\n<h3 class=\"wp-block-heading\">g) Right to object<\/h3>\n\n<p>Each data subject shall have the right granted by the European legislator to withdraw his or her consent to processing of his or her personal data at any time. \na le  \nla loi, pour des raisons d\u00e9coulant de leur situation particuli\u00e8re,  \n\u00e0 tout moment de s\u2019opposer au traitement des donn\u00e9es \u00e0 caract\u00e8re personnel les concernant  \nDonn\u00e9es collect\u00e9es sur la base de l\u2019art. 6 par. 1 lettre e ou f RGPD  \nformule une objection. Cela s\u2019applique \u00e9galement \u00e0 un  \nProfilage bas\u00e9 sur des dispositions.<\/p>\n\n<p>Processus de L+T GASETECHNIK Kl\u00f6pper-Waldmann GmbH &amp; Co. KG  \nles donn\u00e9es personnelles en cas d\u2019opposition, sauf si\n  parce que nous pouvons fournir des motifs l\u00e9gitimes imp\u00e9rieux pour le traitement  \nd\u00e9montrer que les int\u00e9r\u00eats, les droits et les libert\u00e9s des personnes concern\u00e9es  \npersonnes pr\u00e9dominent, ou le traitement sert \u00e0 faire valoir  \nExercice ou d\u00e9fense de droits l\u00e9gaux.<\/p>\n\n<p>Traitement effectu\u00e9 par L+T GASETECHNIK Kl\u00f6pper-Waldmann GmbH &amp; Co. KG  \ndonn\u00e9es personnelles \u00e0 des fins de marketing direct, le  \nLa personne concern\u00e9e a le droit de s\u2019opposer \u00e0 tout moment \u00e0 la  \nTraitement des donn\u00e9es personnelles \u00e0 des fins de publicit\u00e9  \n\u00e0 ins\u00e9rer. Ceci s\u2019applique \u00e9galement au profilage, dans la mesure o\u00f9 il est li\u00e9 \u00e0 un tel profilage.  \nLe marketing direct est li\u00e9. Si la personne concern\u00e9e s\u2019y oppose  \n\u00e0 L+T GASETECHNIK Kl\u00f6pper-Waldmann GmbH &amp; Co. KG de  \nTraitement \u00e0 des fins de marketing direct, L+T GASETECHNIK :  \nKl\u00f6pper-Waldmann GmbH &amp; Co. KG n\u2019utilise pas les donn\u00e9es personnelles  \ntraiter plus \u00e0 ces fins.<\/p>\n\n<p>En outre, la personne concern\u00e9e a le droit, pour des motifs d\u00e9coulant de  \nleur situation particuli\u00e8re, au regard de laquelle ils se pr\u00e9occupent  \nTraitement des donn\u00e9es personnelles d\u00e9tenues par L+T GASETECHNIK  \nKl\u00f6pper-Waldmann GmbH &amp; Co. KG \u00e0 la soci\u00e9t\u00e9 scientifique ou  \n\u00e0 des fins de recherche historique ou \u00e0 des fins statistiques conform\u00e9ment \u00e0 l\u2019art.  \n89 par. 1 du RGPD, sauf si un  \nCe traitement est n\u00e9cessaire \u00e0 l\u2019ex\u00e9cution d\u2019une  \nCette t\u00e2che est obligatoire.<\/p>\n\n<p>In order to exercise the right to object, the data subject may contact any employee of the L+T GASETECHNIK Kl\u00f6pper-Waldmann GmbH &amp; Co. KG. In addition, the data subject is free in the context of the use of information society services, and notwithstanding Directive 2002\/58\/EC, to use his or her right to object by automated means using technical specifications. En outre, dans le cadre de l\u2019utilisation des services de la soci\u00e9t\u00e9 de l\u2019information, et nonobstant la directive 2002\/58\/CE, la personne concern\u00e9e est libre d\u2019exercer son droit d\u2019opposition par des moyens automatis\u00e9s utilisant des sp\u00e9cifications techniques.<\/p>\n\n<h3 class=\"wp-block-heading\">h) Automated individual decision-making, including profiling<\/h3>\n\n<p>Each data subject shall have the right granted by the European legislator to withdraw his or her consent to processing of his or her personal data at any time. \na le  \nDroit non fond\u00e9 uniquement sur un traitement automatis\u00e9\n  \u2014 y compris le profilage \u2014 fait l\u2019objet d\u2019une d\u00e9cision fond\u00e9e sur:  \nqui produit des effets juridiques \u00e0 son \u00e9gard ou qu\u2019elle a en  \nde mani\u00e8re similaire affect\u00e9e de mani\u00e8re significative, \u00e0 condition que la d\u00e9cision (1)  \nnon destin\u00e9 \u00e0 la conclusion ou \u00e0 l\u2019ex\u00e9cution d\u2019un contrat entre  \nla personne concern\u00e9e et le responsable du traitement, ou (2)  \nsur la base de la l\u00e9gislation de l\u2019Union ou de la l\u00e9gislation nationale;  \n\u00e0 laquelle le responsable du traitement est soumis, est admissible et  \nla l\u00e9gislation des mesures appropri\u00e9es pour prot\u00e9ger les droits, et  \nLibert\u00e9s et int\u00e9r\u00eats l\u00e9gitimes de la personne concern\u00e9e  \nou (3) avec le consentement expr\u00e8s de la personne concern\u00e9e  \npersonne.<\/p>\n\n<p>La d\u00e9cision (1) relative \u00e0 la conclusion ou \u00e0 l\u2019ex\u00e9cution d\u2019un  \nContrat entre la personne concern\u00e9e et le responsable du traitement  \nou (2) elle est effectu\u00e9e avec le consentement expr\u00e8s de  \npersonne concern\u00e9e, r\u00e9pond \u00e0 la L+T GASETECHNIK Kl\u00f6pper-Waldmann GmbH  \n&amp; Co. KG prend les mesures appropri\u00e9es pour prot\u00e9ger les droits et libert\u00e9s ainsi que  \nsauvegarder les int\u00e9r\u00eats l\u00e9gitimes de la personne concern\u00e9e, \u00e0 quelles fins  \nau moins le droit d\u2019obtenir une intervention humaine de la part :  \ndu responsable du traitement, sur pr\u00e9sentation de son propre point de vue et sur  \nLe Tribunal a jug\u00e9 que le Tribunal n\u2019avait pas \u00e0 prendre de mesures \u00e0 l\u2019encontre de la<\/p>\n\n<p>If the data subject wishes to exercise the rights concerning automated individual decision-making, he or she may, at any time, contact any employee of theL+T GASETECHNIK Kl\u00f6pper-Waldmann GmbH &amp; Co. KG.<\/p>\n\n<h3 class=\"wp-block-heading\">i) Right to withdraw data protection consent<\/h3>\n\n<p>Each data subject shall have the right granted by the European legislator to withdraw his or her consent to processing of his or her personal data at any time. \na le  \nDroit de consentir au traitement des donn\u00e9es personnelles  \n\u00e0 tout moment.<\/p>\n\n<p>Si la personne concern\u00e9e souhaite exercer son droit d\u2019opposition \u00e0 une  \nA cet effet, elle peut \u00e0 tout moment contacter un  \nemploy\u00e9s du contr\u00f4leur.<\/p>\n\n<h2 class=\"wp-block-heading\">14. Protection des donn\u00e9es pour les candidatures et dans le processus de candidature  <\/h2>\n\n<p>Le responsable du traitement collecte et traite les donn\u00e9es  \nles donn\u00e9es personnelles des candidats aux fins du traitement du  \nProc\u00e9dure de candidature. Le traitement peut \u00e9galement \u00eatre effectu\u00e9 par voie \u00e9lectronique.\n  suivre. C\u2019est notamment le cas lorsqu\u2019un demandeur :  \nles documents de candidature correspondants par voie \u00e9lectronique,  \npar exemple par e-mail ou via un site web  \nFormulaire Web envoy\u00e9 au responsable du traitement  \nTransmis. Lorsque le responsable du traitement comprend un  \nContrat de travail avec un candidat, les donn\u00e9es transmises  \naux fins du traitement de la relation de travail en vertu de  \nRespect des dispositions l\u00e9gales. Est soutenu par l&rsquo;  \nle responsable du traitement n\u2019a pas de contrat de travail avec le  \nSi les candidats sont ferm\u00e9s, les documents de candidature seront envoy\u00e9s pendant deux mois.  \nsupprim\u00e9 automatiquement apr\u00e8s notification de la d\u00e9cision de rejet, \u00e0 condition que:  \nUne suppression n\u2019a pas d\u2019autres int\u00e9r\u00eats l\u00e9gitimes du  \nCe n\u2019est pas le cas au Royaume-Uni. Divers l\u00e9gitimes  \nL\u2019int\u00e9r\u00eat en ce sens est, par exemple, une charge de la preuve dans un\n  Proc\u00e9dure pr\u00e9vue par la loi g\u00e9n\u00e9rale sur l\u2019\u00e9galit\u00e9 de traitement (AGG).<\/p>\n\n<h2 class=\"wp-block-heading\">15. Base juridique du traitement  <\/h2>\n\n<p>6 I lit. a GDPR sert de base juridique \u00e0 notre entreprise  \npour les op\u00e9rations de traitement pour lesquelles nous obtenons le consentement pour un  \nobtenir une finalit\u00e9 de traitement sp\u00e9cifique. Est-ce que le traitement est  \nDonn\u00e9es personnelles pour l\u2019ex\u00e9cution d\u2019un contrat dont  \nLa Partie contractante est la personne concern\u00e9e, selon les besoins  \nest le cas, par exemple, dans le cas d\u2019op\u00e9rations de perfectionnement qui sont n\u00e9cessaires pour une  \nla livraison de biens ou la fourniture de tout autre service, ou  \nle traitement est bas\u00e9 sur l\u2019art. 6 I  \nAllum\u00e9. b RGPD. Il en va de m\u00eame pour les traitements utilis\u00e9s pour  \nMise en \u0153uvre de mesures pr\u00e9contractuelles, telles que  \nCas de demandes de renseignements sur nos produits ou services. Sujet \u00e0  \nNotre soci\u00e9t\u00e9 est soumise \u00e0 une obligation l\u00e9gale par laquelle un  \nLe traitement des donn\u00e9es personnelles devient n\u00e9cessaire, tel que  \nPar exemple, pour remplir les obligations fiscales, le  \nTraitement conform\u00e9ment \u00e0 l\u2019article 6 I lit. c RGPD. Dans de rares cas, l&rsquo;  \nLe traitement des donn\u00e9es \u00e0 caract\u00e8re personnel peut \u00eatre n\u00e9cessaire pour :  \nInt\u00e9r\u00eats vitaux de la personne concern\u00e9e ou d\u2019une autre personne  \npour prot\u00e9ger une personne physique. Ce serait le cas, par exemple, si :  \nUn visiteur de notre compagnie serait bless\u00e9 et\n  Nom, \u00e2ge, donn\u00e9es d\u2019assurance maladie ou autres donn\u00e9es vitales\n  Informations \u00e0 un m\u00e9decin, un h\u00f4pital ou un autre tiers  \ndevrait \u00eatre transmise. Dans ce cas, le traitement serait fond\u00e9 sur l\u2019article 6 I  \nAllum\u00e9. d RGPD. En fin de compte, les op\u00e9rations de transformation pourraient \u00eatre fond\u00e9es sur l\u2019article 6\n  J\u2019ai allum\u00e9. f RGPD. Sur la base de cette base juridique  \nTraitements qui ne sont couverts par aucune des bases juridiques susmentionn\u00e9es  \nsont collect\u00e9es lorsque le traitement est n\u00e9cessaire pour sauvegarder un  \nl\u2019int\u00e9r\u00eat de notre soci\u00e9t\u00e9 ou d\u2019un tiers est n\u00e9cessaire,  \n\u00e0 condition que les int\u00e9r\u00eats, les droits fondamentaux et les libert\u00e9s de la personne concern\u00e9e  \nne pr\u00e9dominent pas. Ces traitements nous concernent notamment  \nparce qu\u2019il est notamment autoris\u00e9 par le l\u00e9gislateur europ\u00e9en\n  ont \u00e9t\u00e9 mentionn\u00e9s. \u00c0 cet \u00e9gard, elle a estim\u00e9 qu\u2019un  \nL\u2019int\u00e9r\u00eat l\u00e9gitime pourrait \u00eatre pr\u00e9sum\u00e9 si la personne concern\u00e9e  \nLa personne est un client du responsable du traitement (consid\u00e9rant 47, phrase 2  \nRGPD).<\/p>\n\n<h2 class=\"wp-block-heading\">16. Int\u00e9r\u00eats l\u00e9gitimes poursuivis par le responsable du traitement ou par un tiers  <\/h2>\n\n<p>Where the processing of personal data is based on Article 6(1) lit. f GDPR our legitimate interest is to carry out our business in favor of the well-being of all our employees and the shareholders.\n  f RGPD, notre int\u00e9r\u00eat l\u00e9gitime est de mener \u00e0 bien notre  \nFaire des affaires au profit de tous nos employ\u00e9s  \net nos actionnaires.<\/p>\n\n<h2 class=\"wp-block-heading\">17. Dur\u00e9e de conservation des donn\u00e9es personnelles  <\/h2>\n\n<p>Le crit\u00e8re de la dur\u00e9e de conservation des donn\u00e9es personnelles  \nLes donn\u00e9es constituent la p\u00e9riode de conservation l\u00e9gale respective. \u00c0 la fin de l&rsquo;  \np\u00e9riode, les donn\u00e9es correspondantes seront syst\u00e9matiquement supprim\u00e9es si elles  \nn\u2019est plus n\u00e9cessaire \u00e0 l\u2019ex\u00e9cution ou \u00e0 l\u2019initiation du contrat  \nare.<\/p>\n\n<h2 class=\"wp-block-heading\">18. Dispositions l\u00e9gales ou contractuelles pour la fourniture de donn\u00e9es personnelles ; n\u00e9cessit\u00e9 de la conclusion du contrat; obligation de la personne concern\u00e9e de fournir les donn\u00e9es \u00e0 caract\u00e8re personnel ; Cons\u00e9quences possibles de la non-fourniture<\/h2>\n\n<p>Nous vous informons que la fourniture de\n  Les donn\u00e9es sont en partie requises par la loi (p. ex. r\u00e9glementations fiscales)  \nou \u00e9galement de dispositions contractuelles (par exemple, des informations sur  \nPartenaires contractuels) peuvent en r\u00e9sulter. Parfois, cela peut conduire \u00e0 la conclusion d\u2019un contrat\n  Il peut \u00eatre n\u00e9cessaire pour une personne concern\u00e9e de nous fournir des informations personnelles  \nfournit des donn\u00e9es que nous traitons ensuite  \nLe Pr\u00e9sident. \u2014 L\u2019ordre du jour appelle le rapport ( Par exemple, la personne concern\u00e9e est oblig\u00e9e envers nous\n  fournir des donn\u00e9es personnelles lorsque notre entreprise travaille avec elle  \nconclut un contrat. D\u00e9faut de fournir les donn\u00e9es personnelles\n  Les donn\u00e9es auraient pour cons\u00e9quence que le contrat avec la personne concern\u00e9e ne serait pas  \npourrait \u00eatre ferm\u00e9. Avant de fournir des renseignements personnels  \nDonn\u00e9es par la personne concern\u00e9e, la personne concern\u00e9e doit contacter l\u2019un de nos  \nSalari\u00e9s. Notre employ\u00e9 clarifie la personne concern\u00e9e  \nAu cas par cas, si la fourniture de l&rsquo;  \nles donn\u00e9es personnelles requises par la loi ou un contrat, ou  \nil est n\u00e9cessaire pour la conclusion du contrat si une obligation  \nconsiste \u00e0 fournir les donn\u00e9es personnelles et les cons\u00e9quences  \nne fournirait pas les donn\u00e9es personnelles.<\/p>\n\n<h2 class=\"wp-block-heading\">19. Existence d\u2019une prise de d\u00e9cision automatis\u00e9e<\/h2>\n\n<p>As a responsible company, we do not use automatic decision-making or profiling.<\/p>\n\n<p>Further information about data privacy policy you find <a href=\"https:\/\/www.lt-gasetechnik.de\/fr\/protection-des-donnees\/\" target=\"_blank\" rel=\"noreferrer noopener\">here<\/a>.<\/p>\n","protected":false},"excerpt":{"rendered":"<p>Politique de confidentialit\u00e9 Nous sommes tr\u00e8s heureux que vous ayez manifest\u00e9 de l\u2019int\u00e9r\u00eat pour notre entreprise. La protection des donn\u00e9es est une priorit\u00e9 particuli\u00e8rement \u00e9lev\u00e9e pour le Direction de L+T GASETECHNIK Kl\u00f6pper-Waldmann GmbH &amp; Co. KG. Utilisation des pages Internet de L+T GASETECHNIK Kl\u00f6pper-Waldmann GmbH &amp; Co. KG est fondamentalement sans aucune indication de personnel [&hellip;]<\/p>\n","protected":false},"author":9,"featured_media":0,"parent":0,"menu_order":0,"comment_status":"closed","ping_status":"closed","template":"","meta":{"footnotes":""},"class_list":["post-5554","page","type-page","status-publish","hentry"],"yoast_head":"<!-- This site is optimized with the Yoast SEO plugin v27.4 - https:\/\/yoast.com\/product\/yoast-seo-wordpress\/ -->\n<title>Protection des donn\u00e9es \/ Protection des donn\u00e9es - LT GASETECHNIK<\/title>\n<meta name=\"description\" content=\"Vous trouverez ici des informations sur la protection des donn\u00e9es et la politique de confidentialit\u00e9 de LT GASETECHNIK. Disponible uniquement en anglais. Informez-vous d\u00e8s maintenant de mani\u00e8re exhaustive.\" \/>\n<meta name=\"robots\" content=\"index, follow, max-snippet:-1, max-image-preview:large, max-video-preview:-1\" \/>\n<link rel=\"canonical\" href=\"https:\/\/www.lt-gasetechnik.de\/fr\/protection-des-donnees\/\" \/>\n<meta property=\"og:locale\" content=\"fr_FR\" \/>\n<meta property=\"og:type\" content=\"article\" \/>\n<meta property=\"og:title\" content=\"Protection des donn\u00e9es \/ Protection des donn\u00e9es - LT GASETECHNIK\" \/>\n<meta property=\"og:description\" content=\"Vous trouverez ici des informations sur la protection des donn\u00e9es et la politique de confidentialit\u00e9 de LT GASETECHNIK. Disponible uniquement en anglais. Informez-vous d\u00e8s maintenant de mani\u00e8re exhaustive.\" \/>\n<meta property=\"og:url\" content=\"https:\/\/www.lt-gasetechnik.de\/fr\/protection-des-donnees\/\" \/>\n<meta property=\"og:site_name\" content=\"LT GASETECHNIK\" \/>\n<meta property=\"article:modified_time\" content=\"2023-01-27T14:11:14+00:00\" \/>\n<meta name=\"twitter:card\" content=\"summary_large_image\" \/>\n<meta name=\"twitter:label1\" content=\"Dur\u00e9e de lecture estim\u00e9e\" \/>\n\t<meta name=\"twitter:data1\" content=\"44 minutes\" \/>\n<script type=\"application\/ld+json\" class=\"yoast-schema-graph\">{\"@context\":\"https:\\\/\\\/schema.org\",\"@graph\":[{\"@type\":\"WebPage\",\"@id\":\"https:\\\/\\\/www.lt-gasetechnik.de\\\/fr\\\/protection-des-donnees\\\/\",\"url\":\"https:\\\/\\\/www.lt-gasetechnik.de\\\/fr\\\/protection-des-donnees\\\/\",\"name\":\"Protection des donn\u00e9es \\\/ Protection des donn\u00e9es - LT GASETECHNIK\",\"isPartOf\":{\"@id\":\"https:\\\/\\\/www.lt-gasetechnik.de\\\/fr\\\/#website\"},\"datePublished\":\"2020-08-07T11:29:17+00:00\",\"dateModified\":\"2023-01-27T14:11:14+00:00\",\"description\":\"Vous trouverez ici des informations sur la protection des donn\u00e9es et la politique de confidentialit\u00e9 de LT GASETECHNIK. Disponible uniquement en anglais. Informez-vous d\u00e8s maintenant de mani\u00e8re exhaustive.\",\"breadcrumb\":{\"@id\":\"https:\\\/\\\/www.lt-gasetechnik.de\\\/fr\\\/protection-des-donnees\\\/#breadcrumb\"},\"inLanguage\":\"fr-FR\",\"potentialAction\":[{\"@type\":\"ReadAction\",\"target\":[\"https:\\\/\\\/www.lt-gasetechnik.de\\\/fr\\\/protection-des-donnees\\\/\"]}]},{\"@type\":\"BreadcrumbList\",\"@id\":\"https:\\\/\\\/www.lt-gasetechnik.de\\\/fr\\\/protection-des-donnees\\\/#breadcrumb\",\"itemListElement\":[{\"@type\":\"ListItem\",\"position\":1,\"name\":\"Startseite\",\"item\":\"https:\\\/\\\/www.lt-gasetechnik.de\\\/fr\\\/\"},{\"@type\":\"ListItem\",\"position\":2,\"name\":\"Protection des donn\u00e9es\"}]},{\"@type\":\"WebSite\",\"@id\":\"https:\\\/\\\/www.lt-gasetechnik.de\\\/fr\\\/#website\",\"url\":\"https:\\\/\\\/www.lt-gasetechnik.de\\\/fr\\\/\",\"name\":\"LT GASETECHNIK\",\"description\":\"beyond standards\",\"publisher\":{\"@id\":\"https:\\\/\\\/www.lt-gasetechnik.de\\\/fr\\\/#organization\"},\"potentialAction\":[{\"@type\":\"SearchAction\",\"target\":{\"@type\":\"EntryPoint\",\"urlTemplate\":\"https:\\\/\\\/www.lt-gasetechnik.de\\\/fr\\\/?s={search_term_string}\"},\"query-input\":{\"@type\":\"PropertyValueSpecification\",\"valueRequired\":true,\"valueName\":\"search_term_string\"}}],\"inLanguage\":\"fr-FR\"},{\"@type\":\"Organization\",\"@id\":\"https:\\\/\\\/www.lt-gasetechnik.de\\\/fr\\\/#organization\",\"name\":\"LT GASETECHNIK\",\"url\":\"https:\\\/\\\/www.lt-gasetechnik.de\\\/fr\\\/\",\"logo\":{\"@type\":\"ImageObject\",\"inLanguage\":\"fr-FR\",\"@id\":\"https:\\\/\\\/www.lt-gasetechnik.de\\\/fr\\\/#\\\/schema\\\/logo\\\/image\\\/\",\"url\":\"https:\\\/\\\/www.lt-gasetechnik.de\\\/wp-content\\\/uploads\\\/2020\\\/06\\\/lt-gasetechnik-logo-60x330-1.jpg\",\"contentUrl\":\"https:\\\/\\\/www.lt-gasetechnik.de\\\/wp-content\\\/uploads\\\/2020\\\/06\\\/lt-gasetechnik-logo-60x330-1.jpg\",\"width\":330,\"height\":60,\"caption\":\"LT GASETECHNIK\"},\"image\":{\"@id\":\"https:\\\/\\\/www.lt-gasetechnik.de\\\/fr\\\/#\\\/schema\\\/logo\\\/image\\\/\"}}]}<\/script>\n<!-- \/ Yoast SEO plugin. -->","yoast_head_json":{"title":"Protection des donn\u00e9es \/ Protection des donn\u00e9es - LT GASETECHNIK","description":"Vous trouverez ici des informations sur la protection des donn\u00e9es et la politique de confidentialit\u00e9 de LT GASETECHNIK. Disponible uniquement en anglais. Informez-vous d\u00e8s maintenant de mani\u00e8re exhaustive.","robots":{"index":"index","follow":"follow","max-snippet":"max-snippet:-1","max-image-preview":"max-image-preview:large","max-video-preview":"max-video-preview:-1"},"canonical":"https:\/\/www.lt-gasetechnik.de\/fr\/protection-des-donnees\/","og_locale":"fr_FR","og_type":"article","og_title":"Protection des donn\u00e9es \/ Protection des donn\u00e9es - LT GASETECHNIK","og_description":"Vous trouverez ici des informations sur la protection des donn\u00e9es et la politique de confidentialit\u00e9 de LT GASETECHNIK. Disponible uniquement en anglais. Informez-vous d\u00e8s maintenant de mani\u00e8re exhaustive.","og_url":"https:\/\/www.lt-gasetechnik.de\/fr\/protection-des-donnees\/","og_site_name":"LT GASETECHNIK","article_modified_time":"2023-01-27T14:11:14+00:00","twitter_card":"summary_large_image","twitter_misc":{"Dur\u00e9e de lecture estim\u00e9e":"44 minutes"},"schema":{"@context":"https:\/\/schema.org","@graph":[{"@type":"WebPage","@id":"https:\/\/www.lt-gasetechnik.de\/fr\/protection-des-donnees\/","url":"https:\/\/www.lt-gasetechnik.de\/fr\/protection-des-donnees\/","name":"Protection des donn\u00e9es \/ Protection des donn\u00e9es - LT GASETECHNIK","isPartOf":{"@id":"https:\/\/www.lt-gasetechnik.de\/fr\/#website"},"datePublished":"2020-08-07T11:29:17+00:00","dateModified":"2023-01-27T14:11:14+00:00","description":"Vous trouverez ici des informations sur la protection des donn\u00e9es et la politique de confidentialit\u00e9 de LT GASETECHNIK. Disponible uniquement en anglais. Informez-vous d\u00e8s maintenant de mani\u00e8re exhaustive.","breadcrumb":{"@id":"https:\/\/www.lt-gasetechnik.de\/fr\/protection-des-donnees\/#breadcrumb"},"inLanguage":"fr-FR","potentialAction":[{"@type":"ReadAction","target":["https:\/\/www.lt-gasetechnik.de\/fr\/protection-des-donnees\/"]}]},{"@type":"BreadcrumbList","@id":"https:\/\/www.lt-gasetechnik.de\/fr\/protection-des-donnees\/#breadcrumb","itemListElement":[{"@type":"ListItem","position":1,"name":"Startseite","item":"https:\/\/www.lt-gasetechnik.de\/fr\/"},{"@type":"ListItem","position":2,"name":"Protection des donn\u00e9es"}]},{"@type":"WebSite","@id":"https:\/\/www.lt-gasetechnik.de\/fr\/#website","url":"https:\/\/www.lt-gasetechnik.de\/fr\/","name":"LT GASETECHNIK","description":"beyond standards","publisher":{"@id":"https:\/\/www.lt-gasetechnik.de\/fr\/#organization"},"potentialAction":[{"@type":"SearchAction","target":{"@type":"EntryPoint","urlTemplate":"https:\/\/www.lt-gasetechnik.de\/fr\/?s={search_term_string}"},"query-input":{"@type":"PropertyValueSpecification","valueRequired":true,"valueName":"search_term_string"}}],"inLanguage":"fr-FR"},{"@type":"Organization","@id":"https:\/\/www.lt-gasetechnik.de\/fr\/#organization","name":"LT GASETECHNIK","url":"https:\/\/www.lt-gasetechnik.de\/fr\/","logo":{"@type":"ImageObject","inLanguage":"fr-FR","@id":"https:\/\/www.lt-gasetechnik.de\/fr\/#\/schema\/logo\/image\/","url":"https:\/\/www.lt-gasetechnik.de\/wp-content\/uploads\/2020\/06\/lt-gasetechnik-logo-60x330-1.jpg","contentUrl":"https:\/\/www.lt-gasetechnik.de\/wp-content\/uploads\/2020\/06\/lt-gasetechnik-logo-60x330-1.jpg","width":330,"height":60,"caption":"LT GASETECHNIK"},"image":{"@id":"https:\/\/www.lt-gasetechnik.de\/fr\/#\/schema\/logo\/image\/"}}]}},"_links":{"self":[{"href":"https:\/\/www.lt-gasetechnik.de\/fr\/wp-json\/wp\/v2\/pages\/5554","targetHints":{"allow":["GET"]}}],"collection":[{"href":"https:\/\/www.lt-gasetechnik.de\/fr\/wp-json\/wp\/v2\/pages"}],"about":[{"href":"https:\/\/www.lt-gasetechnik.de\/fr\/wp-json\/wp\/v2\/types\/page"}],"author":[{"embeddable":true,"href":"https:\/\/www.lt-gasetechnik.de\/fr\/wp-json\/wp\/v2\/users\/9"}],"replies":[{"embeddable":true,"href":"https:\/\/www.lt-gasetechnik.de\/fr\/wp-json\/wp\/v2\/comments?post=5554"}],"version-history":[{"count":2,"href":"https:\/\/www.lt-gasetechnik.de\/fr\/wp-json\/wp\/v2\/pages\/5554\/revisions"}],"predecessor-version":[{"id":24194,"href":"https:\/\/www.lt-gasetechnik.de\/fr\/wp-json\/wp\/v2\/pages\/5554\/revisions\/24194"}],"wp:attachment":[{"href":"https:\/\/www.lt-gasetechnik.de\/fr\/wp-json\/wp\/v2\/media?parent=5554"}],"curies":[{"name":"wp","href":"https:\/\/api.w.org\/{rel}","templated":true}]}}